{"id":19864,"date":"2020-01-30T17:24:31","date_gmt":"2020-01-30T16:24:31","guid":{"rendered":"https:\/\/2020.ddz.de\/?post_type=event&#038;p=19864"},"modified":"2020-06-10T15:09:09","modified_gmt":"2020-06-10T14:09:09","slug":"18-duesseldorfer-diabetes-tag","status":"publish","type":"event","link":"https:\/\/ddz.de\/en\/event\/18-duesseldorfer-diabetes-tag\/","title":{"rendered":"D\u00fcsseldorfer Diabetes-Tag 2020 &#8211; ein digitales Event"},"featured_media":20680,"template":"","meta":{"_acf_changed":false,"_FSMCFIC_featured_image_caption":"","_FSMCFIC_featured_image_nocaption":"","_FSMCFIC_featured_image_hide":""},"class_list":["post-19864","event","type-event","status-publish","has-post-thumbnail","hentry"],"acf":{"image":{"ID":20683,"id":20683,"title":"DDT_FB_Post_1200x628_200610","filename":"DDT_FB_Post_1200x628_200610.png","filesize":753759,"url":"https:\/\/ddz.de\/wp-content\/uploads\/DDT_FB_Post_1200x628_200610.png","link":"https:\/\/ddz.de\/en\/ddt_fb_post_1200x628_200610-2\/","alt":"D\u00fcsseldorfer Diabetes-Tag 2020 online","author":"1","description":"","caption":"","name":"ddt_fb_post_1200x628_200610-2","status":"inherit","uploaded_to":0,"date":"2020-06-10 14:08:46","modified":"2020-06-10 14:09:06","menu_order":0,"mime_type":"image\/png","type":"image","subtype":"png","icon":"https:\/\/ddz.de\/wp-includes\/images\/media\/default.png","width":1200,"height":628,"sizes":{"thumbnail":"https:\/\/ddz.de\/wp-content\/uploads\/DDT_FB_Post_1200x628_200610-150x150.png","thumbnail-width":150,"thumbnail-height":150,"medium":"https:\/\/ddz.de\/wp-content\/uploads\/DDT_FB_Post_1200x628_200610-300x157.png","medium-width":300,"medium-height":157,"medium_large":"https:\/\/ddz.de\/wp-content\/uploads\/DDT_FB_Post_1200x628_200610-768x402.png","medium_large-width":768,"medium_large-height":402,"large":"https:\/\/ddz.de\/wp-content\/uploads\/DDT_FB_Post_1200x628_200610-1024x536.png","large-width":1024,"large-height":536,"1536x1536":"https:\/\/ddz.de\/wp-content\/uploads\/DDT_FB_Post_1200x628_200610.png","1536x1536-width":1200,"1536x1536-height":628,"2048x2048":"https:\/\/ddz.de\/wp-content\/uploads\/DDT_FB_Post_1200x628_200610.png","2048x2048-width":1200,"2048x2048-height":628}},"date_start":1599264000,"date_end":1599346800,"description":"<p>Aufgrund der aktuellen Gef\u00e4hrdungslage durch die COVID-19-Pandemie bieten wir Ihnen in diesem Jahr ausgew\u00e4hlte Informationen und neue Erkenntnisse ab 5.9.2020 auf unserer Website an.<\/p>\n<p>Gemeinsam mit zahlreichen Partnern des RIN Diabetes e.V. wird bereits an m\u00f6glichen digitalen Formaten gearbeitet. Informative Experten-Vortr\u00e4ge und Erfahrungsberichte von Betroffenen sind auch f\u00fcr dieses Jahr geplant. Stellen Sie uns im Vorfeld Ihre Fragen oder teilen Sie uns Ihre Themenvorschl\u00e4ge mit, damit wir die digitalen Beitr\u00e4ge noch gezielter auf Ihre Interessen ausrichten k\u00f6nnen.<\/p>\n<p>Die Teilnahme an den digitalen Formaten ist kostenlos.<br \/>\nWeitere Details und Informationen finden Sie auf <a href=\"http:\/\/www.duesseldorfer-diabetestag.de\">www.duesseldorfer-diabetestag.de<\/a><\/p>\n","person":"2080620","place":"Online unter www.duesseldorfer-diabetestag.de","room":"","street_nr":"","plz_ort":"","latlang":"","galerie":false,"attachments":false},"yoast_head":"<!-- This site is optimized with the Yoast SEO plugin v27.2 - https:\/\/yoast.com\/product\/yoast-seo-wordpress\/ -->\n<title>D\u00fcsseldorfer Diabetes-Tag 2020 - ein digitales Event - Deutsches Diabetes-Zentrum (DDZ)<\/title>\n<meta name=\"robots\" content=\"index, follow, max-snippet:-1, max-image-preview:large, max-video-preview:-1\" \/>\n<link rel=\"canonical\" href=\"https:\/\/ddz.de\/en\/event\/18-duesseldorfer-diabetes-tag\/\" \/>\n<meta property=\"og:locale\" content=\"en_US\" \/>\n<meta property=\"og:type\" content=\"article\" \/>\n<meta property=\"og:title\" content=\"D\u00fcsseldorfer Diabetes-Tag 2020 - ein digitales Event - Deutsches Diabetes-Zentrum (DDZ)\" \/>\n<meta property=\"og:url\" content=\"https:\/\/ddz.de\/en\/event\/18-duesseldorfer-diabetes-tag\/\" \/>\n<meta property=\"og:site_name\" content=\"Deutsches Diabetes-Zentrum (DDZ)\" \/>\n<meta property=\"article:publisher\" content=\"https:\/\/www.facebook.com\/diabetesinformationsdienst\/\" \/>\n<meta property=\"article:modified_time\" content=\"2020-06-10T14:09:09+00:00\" \/>\n<meta property=\"og:image\" content=\"https:\/\/ddz.de\/wp-content\/uploads\/DDT_E-Mail-Signatur_200610.png\" \/>\n\t<meta property=\"og:image:width\" content=\"820\" \/>\n\t<meta property=\"og:image:height\" content=\"215\" \/>\n\t<meta property=\"og:image:type\" content=\"image\/png\" \/>\n<meta name=\"twitter:card\" content=\"summary_large_image\" \/>\n<meta name=\"twitter:site\" content=\"@ddz_info\" \/>\n<script type=\"application\/ld+json\" class=\"yoast-schema-graph\">{\"@context\":\"https:\/\/schema.org\",\"@graph\":[{\"@type\":\"WebPage\",\"@id\":\"https:\/\/ddz.de\/en\/event\/18-duesseldorfer-diabetes-tag\/\",\"url\":\"https:\/\/ddz.de\/en\/event\/18-duesseldorfer-diabetes-tag\/\",\"name\":\"D\u00fcsseldorfer Diabetes-Tag 2020 - ein digitales Event - Deutsches Diabetes-Zentrum (DDZ)\",\"isPartOf\":{\"@id\":\"https:\/\/ddz.de\/en\/#website\"},\"primaryImageOfPage\":{\"@id\":\"https:\/\/ddz.de\/en\/event\/18-duesseldorfer-diabetes-tag\/#primaryimage\"},\"image\":{\"@id\":\"https:\/\/ddz.de\/en\/event\/18-duesseldorfer-diabetes-tag\/#primaryimage\"},\"thumbnailUrl\":\"https:\/\/ddz.de\/wp-content\/uploads\/DDT_E-Mail-Signatur_200610.png\",\"datePublished\":\"2020-01-30T16:24:31+00:00\",\"dateModified\":\"2020-06-10T14:09:09+00:00\",\"breadcrumb\":{\"@id\":\"https:\/\/ddz.de\/en\/event\/18-duesseldorfer-diabetes-tag\/#breadcrumb\"},\"inLanguage\":\"en-US\",\"potentialAction\":[{\"@type\":\"ReadAction\",\"target\":[\"https:\/\/ddz.de\/en\/event\/18-duesseldorfer-diabetes-tag\/\"]}]},{\"@type\":\"ImageObject\",\"inLanguage\":\"en-US\",\"@id\":\"https:\/\/ddz.de\/en\/event\/18-duesseldorfer-diabetes-tag\/#primaryimage\",\"url\":\"https:\/\/ddz.de\/wp-content\/uploads\/DDT_E-Mail-Signatur_200610.png\",\"contentUrl\":\"https:\/\/ddz.de\/wp-content\/uploads\/DDT_E-Mail-Signatur_200610.png\",\"width\":820,\"height\":215,\"caption\":\"Banner f\u00fcr den D\u00fcsseldorfer Diabetes-Tag mit Datum und Stadtansicht.\"},{\"@type\":\"BreadcrumbList\",\"@id\":\"https:\/\/ddz.de\/en\/event\/18-duesseldorfer-diabetes-tag\/#breadcrumb\",\"itemListElement\":[{\"@type\":\"ListItem\",\"position\":1,\"name\":\"Startseite\",\"item\":\"https:\/\/ddz.de\/en\/\"},{\"@type\":\"ListItem\",\"position\":2,\"name\":\"Events\",\"item\":\"https:\/\/ddz.de\/en\/event\/\"},{\"@type\":\"ListItem\",\"position\":3,\"name\":\"D\u00fcsseldorfer Diabetes-Tag 2020 &#8211; ein digitales Event\"}]},{\"@type\":\"WebSite\",\"@id\":\"https:\/\/ddz.de\/en\/#website\",\"url\":\"https:\/\/ddz.de\/en\/\",\"name\":\"Deutsches Diabetes-Zentrum (DDZ)\",\"description\":\"Diabetes erforschen - Menschen helfen\",\"publisher\":{\"@id\":\"https:\/\/ddz.de\/en\/#organization\"},\"potentialAction\":[{\"@type\":\"SearchAction\",\"target\":{\"@type\":\"EntryPoint\",\"urlTemplate\":\"https:\/\/ddz.de\/en\/?s={search_term_string}\"},\"query-input\":{\"@type\":\"PropertyValueSpecification\",\"valueRequired\":true,\"valueName\":\"search_term_string\"}}],\"inLanguage\":\"en-US\"},{\"@type\":\"Organization\",\"@id\":\"https:\/\/ddz.de\/en\/#organization\",\"name\":\"Deutsches Diabetes-Zentrum (DDZ)\",\"url\":\"https:\/\/ddz.de\/en\/\",\"logo\":{\"@type\":\"ImageObject\",\"inLanguage\":\"en-US\",\"@id\":\"https:\/\/ddz.de\/en\/#\/schema\/logo\/image\/\",\"url\":\"https:\/\/ddz.de\/wp-content\/uploads\/ddz_logo_de.png\",\"contentUrl\":\"https:\/\/ddz.de\/wp-content\/uploads\/ddz_logo_de.png\",\"width\":640,\"height\":226,\"caption\":\"Deutsches Diabetes-Zentrum (DDZ)\"},\"image\":{\"@id\":\"https:\/\/ddz.de\/en\/#\/schema\/logo\/image\/\"},\"sameAs\":[\"https:\/\/www.facebook.com\/diabetesinformationsdienst\/\",\"https:\/\/x.com\/ddz_info\",\"https:\/\/www.youtube.com\/channel\/UCNxwshEljrBJXPri-w9IiLg\"]}]}<\/script>\n<!-- \/ Yoast SEO plugin. -->","yoast_head_json":{"title":"D\u00fcsseldorfer Diabetes-Tag 2020 - ein digitales Event - Deutsches Diabetes-Zentrum (DDZ)","robots":{"index":"index","follow":"follow","max-snippet":"max-snippet:-1","max-image-preview":"max-image-preview:large","max-video-preview":"max-video-preview:-1"},"canonical":"https:\/\/ddz.de\/en\/event\/18-duesseldorfer-diabetes-tag\/","og_locale":"en_US","og_type":"article","og_title":"D\u00fcsseldorfer Diabetes-Tag 2020 - ein digitales Event - Deutsches Diabetes-Zentrum (DDZ)","og_url":"https:\/\/ddz.de\/en\/event\/18-duesseldorfer-diabetes-tag\/","og_site_name":"Deutsches Diabetes-Zentrum (DDZ)","article_publisher":"https:\/\/www.facebook.com\/diabetesinformationsdienst\/","article_modified_time":"2020-06-10T14:09:09+00:00","og_image":[{"width":820,"height":215,"url":"https:\/\/ddz.de\/wp-content\/uploads\/DDT_E-Mail-Signatur_200610.png","type":"image\/png"}],"twitter_card":"summary_large_image","twitter_site":"@ddz_info","schema":{"@context":"https:\/\/schema.org","@graph":[{"@type":"WebPage","@id":"https:\/\/ddz.de\/en\/event\/18-duesseldorfer-diabetes-tag\/","url":"https:\/\/ddz.de\/en\/event\/18-duesseldorfer-diabetes-tag\/","name":"D\u00fcsseldorfer Diabetes-Tag 2020 - ein digitales Event - Deutsches Diabetes-Zentrum (DDZ)","isPartOf":{"@id":"https:\/\/ddz.de\/en\/#website"},"primaryImageOfPage":{"@id":"https:\/\/ddz.de\/en\/event\/18-duesseldorfer-diabetes-tag\/#primaryimage"},"image":{"@id":"https:\/\/ddz.de\/en\/event\/18-duesseldorfer-diabetes-tag\/#primaryimage"},"thumbnailUrl":"https:\/\/ddz.de\/wp-content\/uploads\/DDT_E-Mail-Signatur_200610.png","datePublished":"2020-01-30T16:24:31+00:00","dateModified":"2020-06-10T14:09:09+00:00","breadcrumb":{"@id":"https:\/\/ddz.de\/en\/event\/18-duesseldorfer-diabetes-tag\/#breadcrumb"},"inLanguage":"en-US","potentialAction":[{"@type":"ReadAction","target":["https:\/\/ddz.de\/en\/event\/18-duesseldorfer-diabetes-tag\/"]}]},{"@type":"ImageObject","inLanguage":"en-US","@id":"https:\/\/ddz.de\/en\/event\/18-duesseldorfer-diabetes-tag\/#primaryimage","url":"https:\/\/ddz.de\/wp-content\/uploads\/DDT_E-Mail-Signatur_200610.png","contentUrl":"https:\/\/ddz.de\/wp-content\/uploads\/DDT_E-Mail-Signatur_200610.png","width":820,"height":215,"caption":"Banner f\u00fcr den D\u00fcsseldorfer Diabetes-Tag mit Datum und Stadtansicht."},{"@type":"BreadcrumbList","@id":"https:\/\/ddz.de\/en\/event\/18-duesseldorfer-diabetes-tag\/#breadcrumb","itemListElement":[{"@type":"ListItem","position":1,"name":"Startseite","item":"https:\/\/ddz.de\/en\/"},{"@type":"ListItem","position":2,"name":"Events","item":"https:\/\/ddz.de\/en\/event\/"},{"@type":"ListItem","position":3,"name":"D\u00fcsseldorfer Diabetes-Tag 2020 &#8211; ein digitales Event"}]},{"@type":"WebSite","@id":"https:\/\/ddz.de\/en\/#website","url":"https:\/\/ddz.de\/en\/","name":"Deutsches Diabetes-Zentrum (DDZ)","description":"Diabetes erforschen - Menschen helfen","publisher":{"@id":"https:\/\/ddz.de\/en\/#organization"},"potentialAction":[{"@type":"SearchAction","target":{"@type":"EntryPoint","urlTemplate":"https:\/\/ddz.de\/en\/?s={search_term_string}"},"query-input":{"@type":"PropertyValueSpecification","valueRequired":true,"valueName":"search_term_string"}}],"inLanguage":"en-US"},{"@type":"Organization","@id":"https:\/\/ddz.de\/en\/#organization","name":"Deutsches Diabetes-Zentrum (DDZ)","url":"https:\/\/ddz.de\/en\/","logo":{"@type":"ImageObject","inLanguage":"en-US","@id":"https:\/\/ddz.de\/en\/#\/schema\/logo\/image\/","url":"https:\/\/ddz.de\/wp-content\/uploads\/ddz_logo_de.png","contentUrl":"https:\/\/ddz.de\/wp-content\/uploads\/ddz_logo_de.png","width":640,"height":226,"caption":"Deutsches Diabetes-Zentrum (DDZ)"},"image":{"@id":"https:\/\/ddz.de\/en\/#\/schema\/logo\/image\/"},"sameAs":["https:\/\/www.facebook.com\/diabetesinformationsdienst\/","https:\/\/x.com\/ddz_info","https:\/\/www.youtube.com\/channel\/UCNxwshEljrBJXPri-w9IiLg"]}]}},"_links":{"self":[{"href":"https:\/\/ddz.de\/en\/wp-json\/wp\/v2\/event\/19864","targetHints":{"allow":["GET"]}}],"collection":[{"href":"https:\/\/ddz.de\/en\/wp-json\/wp\/v2\/event"}],"about":[{"href":"https:\/\/ddz.de\/en\/wp-json\/wp\/v2\/types\/event"}],"wp:featuredmedia":[{"embeddable":true,"href":"https:\/\/ddz.de\/en\/wp-json\/wp\/v2\/media\/20680"}],"wp:attachment":[{"href":"https:\/\/ddz.de\/en\/wp-json\/wp\/v2\/media?parent=19864"}],"curies":[{"name":"wp","href":"https:\/\/api.w.org\/{rel}","templated":true}]}}