{"id":19675,"date":"2019-12-12T11:28:56","date_gmt":"2019-12-12T10:28:56","guid":{"rendered":"https:\/\/2020.ddz.de\/?post_type=event&#038;p=19675"},"modified":"2019-12-12T11:45:21","modified_gmt":"2019-12-12T10:45:21","slug":"16-duesseldorfer-diabetes-tag","status":"publish","type":"event","link":"https:\/\/ddz.de\/en\/event\/16-duesseldorfer-diabetes-tag\/","title":{"rendered":"16. D\u00fcsseldorfer Diabetes-Tag"},"featured_media":17221,"template":"","meta":{"_acf_changed":false,"_FSMCFIC_featured_image_caption":"","_FSMCFIC_featured_image_nocaption":"","_FSMCFIC_featured_image_hide":""},"class_list":["post-19675","event","type-event","status-publish","has-post-thumbnail","hentry"],"acf":{"image":false,"date_start":1536400800,"date_end":1536422400,"description":"<p>Entsprechend des diesj\u00e4hrigen Mottos \u201eFortschritte in der Diabetes-Therapie\u201c erwartet die Besucher des 16. D\u00fcsseldorfer Diabetes-Tag ein abwechslungsreiches Programm mit Vortr\u00e4gen, Industrieausstellung und der M\u00f6glichkeit an zahlreichen Gesundheitscheck-Angeboten teilzunehmen.<\/p>\n<p>Der Informationstag findet am Samstag, den 08. September 2018, in der Handwerkskammer D\u00fcsseldorf (Georg-Schulhoff-Platz 1, 40221 D\u00fcsseldorf) statt. Der Eintritt zur Veranstaltung ist kostenlos. In \u00fcber 30 Vortr\u00e4gen informieren Diabetes-Experten die Besucher zwischen 10 und 16 Uhr unter anderem \u00fcber neue Technologien und Therapiekonzepte, den Diabetes im Kindes- und Jugendalter sowie die mit Diabetes verbundenen Folgeerkrankungen. Erstmals werden nicht nur aktuelle Entwicklungen und Fortschritte in der Diabetesversorgung vorgestellt, sondern auch ein Streifzug durch die Diabetesgeschichte anhand von Exponaten aus dem Diabetesmuseum M\u00fcnchen pr\u00e4sentiert.<\/p>\n<p>Vortragsprogramm: Digitalisierung und Technologien im Fokus. Die zunehmende Digitalisierung in der Diabetesversorgung ist das Schwerpunktthema des diesj\u00e4hrigen D\u00fcsseldorfer Diabetes-Tages. Neben der g\u00e4ngigen Insulinpumpentherapie werden Neuigkeiten im Bereich der CGM- und FGM-Systeme sowie Diabetes-Apps und digitale L\u00f6sungen praxisnah vorgestellt. Durch die Kombination aus Expertenvortr\u00e4gen und Erfahrungsberichten bietet das Vortragsprogramm verschiedene Sichtweisen zum Diabetes. Die Erfahrungsberichte, in denen Betroffene eindrucksvoll ihr Leben mit Diabetes erl\u00e4utern, bereichern das breit gef\u00e4cherte Vortragsprogramm um eine pers\u00f6nliche Note.<\/p>\n<p>Neu: Erweitertes Informationsangebot f\u00fcr Familien und Menschen mit Migrationshintergrund.<\/p>\n<p>Auf der begleitenden Industrieausstellung pr\u00e4sentieren rund 30 Unternehmen, Verb\u00e4nde, Selbsthilfegruppen sowie Vereine ihre Produkte, Informationen und Dienstleistungen. Erstmals wird es einen transkulturellen Informationsstand f\u00fcr Menschen mit Migrationshintergrund geben, bei dem (Diabetes-)Beraterinnen in verschiedenen Sprachen (Arabisch, Englisch, Russisch und T\u00fcrkisch) Informationen vermitteln. Fremdsprachige Informationsmaterialien und Kurzfilme der Initiative \u201eDiabetes \u2013 Nicht nur eine Typ-Frage\u201c bereichern das Angebot des Informationsstands. F\u00fcr Familien und deren individuelle Fragestellungen zum Thema Diabetes im Kindes- und Jugendalter stehen Fachleute zur Verf\u00fcgung. Die Diabetesabteilung der Klinik f\u00fcr Allgemeine P\u00e4diatrie, Neonatologie und Kinderkardiologie des Universit\u00e4tsklinikums D\u00fcsseldorf ist mit Informationsmaterial vor Ort und steht f\u00fcr Fragen bereit. Ab 14:00 Uhr beleuchten zus\u00e4tzlich \u00c4rzte, eine Typ-1-Patientin sowie zwei M\u00fctter von betroffenen Kindern das Thema im Rahmen des Vortragsprogramms. Zahlreiche kostenlose Gesundheitscheck-Angebote. Neben den zielgruppengerechten Informationsangeboten k\u00f6nnen die Besucher verschiedene individuelle Gesundheitscheck-Angebote (z.B. Blutdruck-, Blutzucker-, Cholesterin-Messung) und Beratungsangebote kostenlos wahrnehmen. Im Diabetes-Info-Mobil des DDH-M Landesverbandes NRW e.V., am Stand der Ascensia Diabetes Care Deutschland sowie des Apothekerverbandes Nordrhein werden diese Serviceleistungen angeboten. Zudem stehen Fachkr\u00e4fte f\u00fcr die individuelle Beratung zur Fu\u00dfpflege bereit.<\/p>\n<p>Gesundheits-Parcours: Mitmachen und gewinnen. Einen umfassenden Einblick in die Themen Bewegung, Ern\u00e4hrung &amp; Gesundheitscheck-Angebote bietet in diesem Jahr der Gesundheits-Parcours Diabetes. Zahlreiche kostenlose Mitmach-Aktionen geben den Besuchern des D\u00fcsseldorfer Diabetes-Tages die M\u00f6glichkeit selbst aktiv zu werden. Unter allen Teilnehmern werden drei attraktive Preise verlost. Zu gewinnen gibt es eine Ern\u00e4hrungsberatung sowie einen FreeStyle Libre und einen Contour Next One. Eingeladen sind Menschen mit Diabetes, Angeh\u00f6rige, Familien mit Ihren betroffenen Kindern, Risikogruppen sowie interessierte B\u00fcrger.<\/p>\n<p>Weitere Informationen finden sich auf der Veranstaltungsseite\u00a0<a href=\"http:\/\/www.duesseldorfer-diabetestag.de\/\" target=\"_blank\" rel=\"noopener\">http:\/\/www.duesseldorfer-diabetestag.de\/<\/a>\u00a0oder bei Facebook\u00a0<a href=\"https:\/\/de-de.facebook.com\/duesseldorfer.diabetestag\/\" target=\"_blank\" rel=\"noopener\">https:\/\/de-de.facebook.com\/duesseldorfer.diabetestag\/<\/a><\/p>\n","person":"2080620","place":"Handwerkskammer D\u00fcsseldorf - HWK","room":"Handwerkskammer D\u00fcsseldorf - HWK","street_nr":"Georg-Schulhoff-Platz 1","plz_ort":"40221 D\u00fcsseldorf","latlang":"51.206597, 6.759358","galerie":false,"attachments":false},"yoast_head":"<!-- This site is optimized with the Yoast SEO plugin v27.2 - https:\/\/yoast.com\/product\/yoast-seo-wordpress\/ -->\n<title>16. D\u00fcsseldorfer Diabetes-Tag - Deutsches Diabetes-Zentrum (DDZ)<\/title>\n<meta name=\"robots\" content=\"index, follow, max-snippet:-1, max-image-preview:large, max-video-preview:-1\" \/>\n<link rel=\"canonical\" href=\"https:\/\/ddz.de\/en\/event\/16-duesseldorfer-diabetes-tag\/\" \/>\n<meta property=\"og:locale\" content=\"en_US\" \/>\n<meta property=\"og:type\" content=\"article\" \/>\n<meta property=\"og:title\" content=\"16. D\u00fcsseldorfer Diabetes-Tag - Deutsches Diabetes-Zentrum (DDZ)\" \/>\n<meta property=\"og:url\" content=\"https:\/\/ddz.de\/en\/event\/16-duesseldorfer-diabetes-tag\/\" \/>\n<meta property=\"og:site_name\" content=\"Deutsches Diabetes-Zentrum (DDZ)\" \/>\n<meta property=\"article:publisher\" content=\"https:\/\/www.facebook.com\/diabetesinformationsdienst\/\" \/>\n<meta property=\"article:modified_time\" content=\"2019-12-12T10:45:21+00:00\" \/>\n<meta property=\"og:image\" content=\"https:\/\/ddz.de\/wp-content\/uploads\/DSC_0441-1024x601.jpg\" \/>\n\t<meta property=\"og:image:width\" content=\"1024\" \/>\n\t<meta property=\"og:image:height\" content=\"601\" \/>\n\t<meta property=\"og:image:type\" content=\"image\/jpeg\" \/>\n<meta name=\"twitter:card\" content=\"summary_large_image\" \/>\n<meta name=\"twitter:site\" content=\"@ddz_info\" \/>\n<script type=\"application\/ld+json\" class=\"yoast-schema-graph\">{\"@context\":\"https:\/\/schema.org\",\"@graph\":[{\"@type\":\"WebPage\",\"@id\":\"https:\/\/ddz.de\/en\/event\/16-duesseldorfer-diabetes-tag\/\",\"url\":\"https:\/\/ddz.de\/en\/event\/16-duesseldorfer-diabetes-tag\/\",\"name\":\"16. D\u00fcsseldorfer Diabetes-Tag - Deutsches Diabetes-Zentrum (DDZ)\",\"isPartOf\":{\"@id\":\"https:\/\/ddz.de\/en\/#website\"},\"primaryImageOfPage\":{\"@id\":\"https:\/\/ddz.de\/en\/event\/16-duesseldorfer-diabetes-tag\/#primaryimage\"},\"image\":{\"@id\":\"https:\/\/ddz.de\/en\/event\/16-duesseldorfer-diabetes-tag\/#primaryimage\"},\"thumbnailUrl\":\"https:\/\/ddz.de\/wp-content\/uploads\/DSC_0441.jpg\",\"datePublished\":\"2019-12-12T10:28:56+00:00\",\"dateModified\":\"2019-12-12T10:45:21+00:00\",\"breadcrumb\":{\"@id\":\"https:\/\/ddz.de\/en\/event\/16-duesseldorfer-diabetes-tag\/#breadcrumb\"},\"inLanguage\":\"en-US\",\"potentialAction\":[{\"@type\":\"ReadAction\",\"target\":[\"https:\/\/ddz.de\/en\/event\/16-duesseldorfer-diabetes-tag\/\"]}]},{\"@type\":\"ImageObject\",\"inLanguage\":\"en-US\",\"@id\":\"https:\/\/ddz.de\/en\/event\/16-duesseldorfer-diabetes-tag\/#primaryimage\",\"url\":\"https:\/\/ddz.de\/wp-content\/uploads\/DSC_0441.jpg\",\"contentUrl\":\"https:\/\/ddz.de\/wp-content\/uploads\/DSC_0441.jpg\",\"width\":6000,\"height\":3521,\"caption\":\"(von links) Martin Hadder, Deutsche Diabetes-Hilfe - Menschen mit Diabetes (DDH-M) Vorsitzender des Landesverbandes NRW, Andreas-Paul Stieber, Ratsherr und Vorsitzender des Gesundheitsausschusses der Landeshauptstadt D\u00fcsseldorf, Schirmherr der Veranstaltung, Prof. Dr. Andreas Meyer-Falcke, Beigeordneter f\u00fcr Gesundheit der Landeshauptstadt D\u00fcsseldorf und Prof. Dr. Michael Roden, Vorstand des Deutschen Diabetes-Zentrums.\"},{\"@type\":\"BreadcrumbList\",\"@id\":\"https:\/\/ddz.de\/en\/event\/16-duesseldorfer-diabetes-tag\/#breadcrumb\",\"itemListElement\":[{\"@type\":\"ListItem\",\"position\":1,\"name\":\"Startseite\",\"item\":\"https:\/\/ddz.de\/en\/\"},{\"@type\":\"ListItem\",\"position\":2,\"name\":\"Events\",\"item\":\"https:\/\/ddz.de\/en\/event\/\"},{\"@type\":\"ListItem\",\"position\":3,\"name\":\"16. D\u00fcsseldorfer Diabetes-Tag\"}]},{\"@type\":\"WebSite\",\"@id\":\"https:\/\/ddz.de\/en\/#website\",\"url\":\"https:\/\/ddz.de\/en\/\",\"name\":\"Deutsches Diabetes-Zentrum (DDZ)\",\"description\":\"Diabetes erforschen - Menschen helfen\",\"publisher\":{\"@id\":\"https:\/\/ddz.de\/en\/#organization\"},\"potentialAction\":[{\"@type\":\"SearchAction\",\"target\":{\"@type\":\"EntryPoint\",\"urlTemplate\":\"https:\/\/ddz.de\/en\/?s={search_term_string}\"},\"query-input\":{\"@type\":\"PropertyValueSpecification\",\"valueRequired\":true,\"valueName\":\"search_term_string\"}}],\"inLanguage\":\"en-US\"},{\"@type\":\"Organization\",\"@id\":\"https:\/\/ddz.de\/en\/#organization\",\"name\":\"Deutsches Diabetes-Zentrum (DDZ)\",\"url\":\"https:\/\/ddz.de\/en\/\",\"logo\":{\"@type\":\"ImageObject\",\"inLanguage\":\"en-US\",\"@id\":\"https:\/\/ddz.de\/en\/#\/schema\/logo\/image\/\",\"url\":\"https:\/\/ddz.de\/wp-content\/uploads\/ddz_logo_de.png\",\"contentUrl\":\"https:\/\/ddz.de\/wp-content\/uploads\/ddz_logo_de.png\",\"width\":640,\"height\":226,\"caption\":\"Deutsches Diabetes-Zentrum (DDZ)\"},\"image\":{\"@id\":\"https:\/\/ddz.de\/en\/#\/schema\/logo\/image\/\"},\"sameAs\":[\"https:\/\/www.facebook.com\/diabetesinformationsdienst\/\",\"https:\/\/x.com\/ddz_info\",\"https:\/\/www.youtube.com\/channel\/UCNxwshEljrBJXPri-w9IiLg\"]}]}<\/script>\n<!-- \/ Yoast SEO plugin. -->","yoast_head_json":{"title":"16. D\u00fcsseldorfer Diabetes-Tag - Deutsches Diabetes-Zentrum (DDZ)","robots":{"index":"index","follow":"follow","max-snippet":"max-snippet:-1","max-image-preview":"max-image-preview:large","max-video-preview":"max-video-preview:-1"},"canonical":"https:\/\/ddz.de\/en\/event\/16-duesseldorfer-diabetes-tag\/","og_locale":"en_US","og_type":"article","og_title":"16. D\u00fcsseldorfer Diabetes-Tag - Deutsches Diabetes-Zentrum (DDZ)","og_url":"https:\/\/ddz.de\/en\/event\/16-duesseldorfer-diabetes-tag\/","og_site_name":"Deutsches Diabetes-Zentrum (DDZ)","article_publisher":"https:\/\/www.facebook.com\/diabetesinformationsdienst\/","article_modified_time":"2019-12-12T10:45:21+00:00","og_image":[{"width":1024,"height":601,"url":"https:\/\/ddz.de\/wp-content\/uploads\/DSC_0441-1024x601.jpg","type":"image\/jpeg"}],"twitter_card":"summary_large_image","twitter_site":"@ddz_info","schema":{"@context":"https:\/\/schema.org","@graph":[{"@type":"WebPage","@id":"https:\/\/ddz.de\/en\/event\/16-duesseldorfer-diabetes-tag\/","url":"https:\/\/ddz.de\/en\/event\/16-duesseldorfer-diabetes-tag\/","name":"16. D\u00fcsseldorfer Diabetes-Tag - Deutsches Diabetes-Zentrum (DDZ)","isPartOf":{"@id":"https:\/\/ddz.de\/en\/#website"},"primaryImageOfPage":{"@id":"https:\/\/ddz.de\/en\/event\/16-duesseldorfer-diabetes-tag\/#primaryimage"},"image":{"@id":"https:\/\/ddz.de\/en\/event\/16-duesseldorfer-diabetes-tag\/#primaryimage"},"thumbnailUrl":"https:\/\/ddz.de\/wp-content\/uploads\/DSC_0441.jpg","datePublished":"2019-12-12T10:28:56+00:00","dateModified":"2019-12-12T10:45:21+00:00","breadcrumb":{"@id":"https:\/\/ddz.de\/en\/event\/16-duesseldorfer-diabetes-tag\/#breadcrumb"},"inLanguage":"en-US","potentialAction":[{"@type":"ReadAction","target":["https:\/\/ddz.de\/en\/event\/16-duesseldorfer-diabetes-tag\/"]}]},{"@type":"ImageObject","inLanguage":"en-US","@id":"https:\/\/ddz.de\/en\/event\/16-duesseldorfer-diabetes-tag\/#primaryimage","url":"https:\/\/ddz.de\/wp-content\/uploads\/DSC_0441.jpg","contentUrl":"https:\/\/ddz.de\/wp-content\/uploads\/DSC_0441.jpg","width":6000,"height":3521,"caption":"(von links) Martin Hadder, Deutsche Diabetes-Hilfe - Menschen mit Diabetes (DDH-M) Vorsitzender des Landesverbandes NRW, Andreas-Paul Stieber, Ratsherr und Vorsitzender des Gesundheitsausschusses der Landeshauptstadt D\u00fcsseldorf, Schirmherr der Veranstaltung, Prof. Dr. Andreas Meyer-Falcke, Beigeordneter f\u00fcr Gesundheit der Landeshauptstadt D\u00fcsseldorf und Prof. Dr. Michael Roden, Vorstand des Deutschen Diabetes-Zentrums."},{"@type":"BreadcrumbList","@id":"https:\/\/ddz.de\/en\/event\/16-duesseldorfer-diabetes-tag\/#breadcrumb","itemListElement":[{"@type":"ListItem","position":1,"name":"Startseite","item":"https:\/\/ddz.de\/en\/"},{"@type":"ListItem","position":2,"name":"Events","item":"https:\/\/ddz.de\/en\/event\/"},{"@type":"ListItem","position":3,"name":"16. D\u00fcsseldorfer Diabetes-Tag"}]},{"@type":"WebSite","@id":"https:\/\/ddz.de\/en\/#website","url":"https:\/\/ddz.de\/en\/","name":"Deutsches Diabetes-Zentrum (DDZ)","description":"Diabetes erforschen - Menschen helfen","publisher":{"@id":"https:\/\/ddz.de\/en\/#organization"},"potentialAction":[{"@type":"SearchAction","target":{"@type":"EntryPoint","urlTemplate":"https:\/\/ddz.de\/en\/?s={search_term_string}"},"query-input":{"@type":"PropertyValueSpecification","valueRequired":true,"valueName":"search_term_string"}}],"inLanguage":"en-US"},{"@type":"Organization","@id":"https:\/\/ddz.de\/en\/#organization","name":"Deutsches Diabetes-Zentrum (DDZ)","url":"https:\/\/ddz.de\/en\/","logo":{"@type":"ImageObject","inLanguage":"en-US","@id":"https:\/\/ddz.de\/en\/#\/schema\/logo\/image\/","url":"https:\/\/ddz.de\/wp-content\/uploads\/ddz_logo_de.png","contentUrl":"https:\/\/ddz.de\/wp-content\/uploads\/ddz_logo_de.png","width":640,"height":226,"caption":"Deutsches Diabetes-Zentrum (DDZ)"},"image":{"@id":"https:\/\/ddz.de\/en\/#\/schema\/logo\/image\/"},"sameAs":["https:\/\/www.facebook.com\/diabetesinformationsdienst\/","https:\/\/x.com\/ddz_info","https:\/\/www.youtube.com\/channel\/UCNxwshEljrBJXPri-w9IiLg"]}]}},"_links":{"self":[{"href":"https:\/\/ddz.de\/en\/wp-json\/wp\/v2\/event\/19675","targetHints":{"allow":["GET"]}}],"collection":[{"href":"https:\/\/ddz.de\/en\/wp-json\/wp\/v2\/event"}],"about":[{"href":"https:\/\/ddz.de\/en\/wp-json\/wp\/v2\/types\/event"}],"wp:featuredmedia":[{"embeddable":true,"href":"https:\/\/ddz.de\/en\/wp-json\/wp\/v2\/media\/17221"}],"wp:attachment":[{"href":"https:\/\/ddz.de\/en\/wp-json\/wp\/v2\/media?parent=19675"}],"curies":[{"name":"wp","href":"https:\/\/api.w.org\/{rel}","templated":true}]}}